{"id":3115,"date":"2012-06-02T10:49:57","date_gmt":"2012-06-02T10:49:57","guid":{"rendered":"https:\/\/venadoro.it\/privacy\/"},"modified":"2022-01-12T09:31:12","modified_gmt":"2022-01-12T09:31:12","slug":"privacy","status":"publish","type":"page","link":"https:\/\/venadoro.it\/fr\/privacy\/","title":{"rendered":"privacy"},"content":{"rendered":"<p><strong>INFORMATIVA PRIVACY AI SENSI\u00a0<\/strong><strong>NUOVO REG. UE 2016\/679<\/strong><\/p>\n<p>PRIVACY DATI RACCOLTI PRESSOINTERESSATO Informativa ai sensi e per gli effetti di cui all\u2019art. 13-14, Reg UE 2016\/679 (Regolamento Europeo in materia di protezione dei dati personali)<\/p>\n<p><strong>Note d\u2019information au client<\/strong><\/p>\n<p><em>Cher Client,<\/em><\/p>\n<p><em>Au sens de la r\u00e9glementation en vigueur sur la protection des donn\u00e9es personnelles (R\u00e8glement UE n\u00b0 679 de 2016), nous d\u00e9sirons vous informer que vos donn\u00e9es personnelles sont trait\u00e9es de mani\u00e8re loyale,\u00a0transparente et licite et dans le respect de votre confidentialit\u00e9 et de vos droits.<\/em><\/p>\n<p><em>Le traitement est effectu\u00e9 en utilisant des moyens informatiques aux fins suivantes :<\/em><\/p>\n<ol>\n<li><em><u>Pour acqu\u00e9rir et confirmer votre r\u00e9servation des services de logement et des services accessoires et pour fournir les services demand\u00e9s<\/u><\/em><em>. Le traitement est n\u00e9cessaire pour la d\u00e9finition de l\u2019accord contractuel et pour son application\u00a0; par cons\u00e9quent votre consentement n\u2019est pas demand\u00e9 \u00e0 l\u2019exception du cas o\u00f9 des donn\u00e9es sensibles sont fournies. Si vous refusez de fournir vos donn\u00e9es personnelles, nous ne pourrons pas confirmer votre r\u00e9servation ou vous fournir les services demand\u00e9s. Le traitement cessera \u00e0 votre d\u00e9part, mais quelques donn\u00e9es continueront \u00e0 \u00eatre trait\u00e9es aux fins et selon les modalit\u00e9s indiqu\u00e9es aux points ci-dessous ;<\/em><\/li>\n<li><em><u>Pour satisfaire \u00e0 l\u2019obligation du \u00ab Texte<\/u><\/em><u>\u00a0unique<em>des lois de s\u00e9curit\u00e9 publique \u00bb<\/em><\/u><em>\u00a0(article 109 D\u00e9cret Royal 18.6.1931 n\u00b0 773)<\/em>\u00a0<em><u>qui nous oblige \u00e0 communiquer \u00e0 la police, \u00e0 des fins de s\u00e9curit\u00e9 publique, les donn\u00e9es personnelles des clients h\u00e9berg\u00e9s<\/u><\/em><em>\u00a0conform\u00e9ment aux modalit\u00e9s fix\u00e9es par le Minist\u00e8re de l\u2019Int\u00e9rieur (D\u00e9cret 7 janvier\u00a0 2013). La collecte des donn\u00e9es est obligatoire et votre autorisation n\u2019est pas n\u00e9cessaire mais si vous refusez de fournir vos donn\u00e9es personnelles, nous ne pourrons pas vous accueillir dans notre structure. Nous conserverons vos donn\u00e9es uniquement en pr\u00e9sence de votre autorisation comme pr\u00e9vu au point 4 ;<\/em><\/li>\n<li><em><u>Pour satisfaire aux obligations administratives, comptables et fiscales en vigueur.<\/u><\/em><em>\u00a0\u00c0 ces fins, votre autorisation n\u2019est pas n\u00e9cessaire. Les donn\u00e9es seront trait\u00e9es par nous-m\u00eames et par les personnes que nous chargerons et elles ne seront divulgu\u00e9es \u00e0 l\u2019ext\u00e9rieur que pour satisfaire aux obligations l\u00e9gales. Si vous refusez de fournir vos donn\u00e9es personnelles dans le cadre des obligations ci-dessus, nous ne pourrons pas fournir les services demand\u00e9s. Les donn\u00e9es saisies pour ces finalit\u00e9s seront conserv\u00e9es pendant le temps pr\u00e9vu par les r\u00e9glementations correspondantes (10 ans et plus en cas d\u2019avis d\u2019imposition) ;<\/em><\/li>\n<li><em><u>Pour acc\u00e9l\u00e9rer les proc\u00e9dures d\u2019enregistrement lors de s\u00e9jours dans notre structure par la suite.<\/u><\/em><em>\u00a0\u00c0 ces fins, apr\u00e8s avoir obtenu votre autorisation r\u00e9vocable \u00e0 tout moment, vos donn\u00e9es seront conserv\u00e9es pendant un d\u00e9lai maximum de 5 ans et elles seront utilis\u00e9es quand vous logerez de nouveau dans notre structure pour les finalit\u00e9s indiqu\u00e9es ci-dessus ;<\/em><\/li>\n<li><em><u>Pour pouvoir g\u00e9rer les messages et les appels t\u00e9l\u00e9phoniques que vous pouvez recevoir pendant votre s\u00e9jour.<\/u><\/em><em>\u00a0\u00c0 ces fins, votre consentement est n\u00e9cessaire. Vous pourrez annuler le consentement \u00e0 tout moment. Le traitement cessera lors de votre d\u00e9part ;<\/em><\/li>\n<li><em><u>Pour vous envoyer nos messages promotionnels, nos tarifs et nos offres.<\/u><\/em><em>\u00a0\u00c0 ces fins, apr\u00e8s avoir obtenu votre autorisation, vos donn\u00e9es seront conserv\u00e9es pendant un d\u00e9lai maximum de 5 ans et elles ne seront pas communiqu\u00e9es \u00e0 des tiers. Vous pourrez r\u00e9voquer votre autorisation \u00e0 tout moment ;<\/em><\/li>\n<li><em><u>\u00c0 des fins de protection des personnes, de la propri\u00e9t\u00e9 et du patrimoine de la soci\u00e9t\u00e9 au moyen d\u2019un syst\u00e8me de surveillance vid\u00e9o de certaines zones de la structure, indiqu\u00e9es avec des signaux sp\u00e9cifiques<\/u><\/em><em>. Votre autorisation n\u2019est pas n\u00e9cessaire pour ce traitement, \u00e9tant donn\u00e9 qu\u2019il poursuit notre int\u00e9r\u00eat l\u00e9gitime \u00e0 prot\u00e9ger les personnes et les biens contre toute \u00e9ventuelle agression, vol, cambriolage, endommagement, acte de vandalisme et \u00e0 des fins de pr\u00e9vention des incendies et de s\u00e9curit\u00e9 sur le travail. Les images enregistr\u00e9es seront \u00e9limin\u00e9es au bout de 24 heures, sauf les jours f\u00e9ri\u00e9s ou dans d\u2019autres cas de fermeture de la structure, et en tout cas au bout d\u2019une semaine maximum. Elles ne seront pas communiqu\u00e9es \u00e0 des tiers, \u00e0 l\u2019exception des demandes sp\u00e9cifiques en cas d\u2019enqu\u00eates polici\u00e8res ou judiciaires.<\/em><\/li>\n<\/ol>\n<p><em>De plus, nous d\u00e9sirons vous informer que le R\u00e8glement europ\u00e9en vous reconna\u00eet des droits tels que le droit d\u2019acc\u00e9der aux donn\u00e9es, de les corriger, de les \u00e9liminer, de les limiter ou de vous opposer au traitement, ainsi que le droit de transf\u00e9rer les donn\u00e9es si cela est applicable (articles 15 \u00e0 22 du R\u00e8glement UE n\u00b0 679 du 2016). Vous pouvez aussi pr\u00e9senter une r\u00e9clamation \u00e0 l\u2019autorit\u00e9 de contr\u00f4le, conform\u00e9ment aux proc\u00e9dures \u00e9tablies par la r\u00e9glementation en vigueur.<\/em><\/p>\n<p><em>Pour toute autre information et pour faire valoir vos droits conform\u00e9ment au R\u00e8glement europ\u00e9en, vous pourrez vous adresser aux personnes indiqu\u00e9es ci-dessous :<\/em><\/p>\n<p><strong><em>Titulaire du traitement<\/em><\/strong><em>: Hotel Terme Vena d\u2019Oro srl (donn\u00e9es de contact) info@venadoro.it<\/em><\/p>\n<p><strong><em>Responsable du traitement\u00a0:<\/em><\/strong><em>\u00a0Hotel Terme Vena d\u2019Oro srl (donn\u00e9es de contact) info@venadoro.it<\/em><\/p>\n<p><strong><em>Responsable de la protection des donn\u00e9es \u2013 DPO<\/em><\/strong><em>: Marco Albertin (donn\u00e9es de contact) info@venadoro.it<\/em><\/p>\n<p><strong>\u00a0<\/strong><\/p>\n<p><strong>Il TITOLARE\u00a0<\/strong>del trattamento<\/p>\n<p>Hotel Terme Vena d\u2019Oro srl<\/p>\n","protected":false},"excerpt":{"rendered":"<p>INFORMATIVA PRIVACY AI SENSI\u00a0NUOVO REG. UE 2016\/679 PRIVACY DATI RACCOLTI PRESSOINTERESSATO Informativa ai sensi e per gli effetti di cui all\u2019art. 13-14, Reg UE 2016\/679 (Regolamento Europeo in materia di protezione dei dati personali) Note d\u2019information au client Cher Client, Au sens de la r\u00e9glementation en vigueur sur la protection des donn\u00e9es personnelles (R\u00e8glement UE [&hellip;]<\/p>\n","protected":false},"author":1,"featured_media":0,"parent":0,"menu_order":0,"comment_status":"closed","ping_status":"closed","template":"","meta":{"_acf_changed":false,"footnotes":""},"class_list":["post-3115","page","type-page","status-publish","hentry"],"acf":[],"_links":{"self":[{"href":"https:\/\/venadoro.it\/fr\/wp-json\/wp\/v2\/pages\/3115","targetHints":{"allow":["GET"]}}],"collection":[{"href":"https:\/\/venadoro.it\/fr\/wp-json\/wp\/v2\/pages"}],"about":[{"href":"https:\/\/venadoro.it\/fr\/wp-json\/wp\/v2\/types\/page"}],"author":[{"embeddable":true,"href":"https:\/\/venadoro.it\/fr\/wp-json\/wp\/v2\/users\/1"}],"replies":[{"embeddable":true,"href":"https:\/\/venadoro.it\/fr\/wp-json\/wp\/v2\/comments?post=3115"}],"version-history":[{"count":0,"href":"https:\/\/venadoro.it\/fr\/wp-json\/wp\/v2\/pages\/3115\/revisions"}],"wp:attachment":[{"href":"https:\/\/venadoro.it\/fr\/wp-json\/wp\/v2\/media?parent=3115"}],"curies":[{"name":"wp","href":"https:\/\/api.w.org\/{rel}","templated":true}]}}